{"id":2525,"date":"2021-12-23T20:19:00","date_gmt":"2021-12-23T17:19:00","guid":{"rendered":"https:\/\/threestarcomposite.com\/?page_id=2525"},"modified":"2022-01-04T23:57:01","modified_gmt":"2022-01-04T20:57:01","slug":"kocaeli-kompozit-rogar-kapagi","status":"publish","type":"page","link":"https:\/\/threestarcomposite.com\/ar\/kocaeli-kompozit-rogar-kapagi\/","title":{"rendered":"Kocaeli Kompozit R\u00f6gar Kapa\u011f\u0131"},"content":{"rendered":"<div class=\"row align-center\"  id=\"row-99929796\">\n\n\t<div id=\"col-952974266\" class=\"col medium-8 small-12 large-8\"  >\n\t\t<div class=\"col-inner\"  >\n\t\t\t\n\t\t\t\n<div class=\"container section-title-container\" style=\"margin-top:14px;margin-bottom:-5px;\"><h1 class=\"section-title section-title-center\"><b><\/b><span class=\"section-title-main\" style=\"font-size:96%;\">Kocaeli Kompozit R\u00f6gar Kapa\u011f\u0131<\/span><b><\/b><\/h1><\/div>\n<p><strong>Kocaeli kompozit r\u00f6gar kapa\u011f\u0131 <\/strong>son derece \u00f6nemli olan bu kentimizde <a href=\"https:\/\/threestarcomposite.com\/\"><strong>Three Star Kompozit<\/strong>\u00a0<\/a>imzas\u0131yla ger\u00e7ekle\u015fmektedir. R\u00f6gar kapa\u011f\u0131 olarak kullanaca\u011f\u0131n\u0131z bir\u00e7ok \u00fcr\u00fcnde oldu\u011fu gibi bu \u00fcr\u00fcnlerde de \u00e7ok ama\u00e7l\u0131 bir kullan\u0131m s\u00f6z konusudur. Bu t\u00fcr i\u015flemleri ger\u00e7ekle\u015ftirmek istedi\u011finizde r\u00f6gar kapa\u011f\u0131n\u0131 kullanarak bir\u00e7ok alanda yer dekorasyonu yapabilirsiniz. Bu t\u00fcr dekorasyon i\u015fini ger\u00e7ekle\u015ftirmeniz gerekti\u011finde ekibimiz size yard\u0131mc\u0131 olacakt\u0131r. Siteler b\u00fcy\u00fck\u015fehir belediyeleri ve benzer bir\u00e7ok alanda r\u00f6gar kapa\u011f\u0131n\u0131 en iyi \u015fekilde kullanabilirsiniz. Logo ve marka bask\u0131s\u0131 yap\u0131larak d\u00f6k\u00fcm uygulanmas\u0131 da g\u00fcndeme gelecektir.\u00a0 <strong>Kocaeli <a href=\"https:\/\/threestarcomposite.com\/rogar-kapagi\/\">kompozit r\u00f6gar kapa\u011f\u0131 <\/a><\/strong>iste\u011fe ba\u011fl\u0131 olarak \u015fehrinize \u00f6zg\u00fc \u00e7\u00f6z\u00fcmler \u00fcretebilir.<\/p>\n<h2><span style=\"font-size: 85%;\">Kocaeli Kompozit R\u00f6gar Kapa\u011f\u0131 \u00c7e\u015fitleri<\/span><\/h2>\n<p><a href=\"https:\/\/threestarcomposite.com\/rogar-kapagi\/\"><strong>Kocaeli kompozit r<\/strong><strong>\u00f6<\/strong><strong>gar kapa\u011f\u0131<\/strong><\/a> modelleri de\u011fi\u015fik geometrik \u00f6zelliklere sahip olmalar\u0131yla birlikte dikkat \u00e7ekmektedir. Marka ve logo bask\u0131l\u0131 bir\u00e7ok \u00fcr\u00fcn\u00fc kullanarak kapaklar\u0131 g\u00fcvenle tercih edebilirsiniz. R\u00f6gar kapa\u011f\u0131 hidrolik pres, kal\u0131plama teknolojisi ve ekipman\u0131n\u0131, re\u00e7ine, fiberglas, dolgu vb. gibi ham ve yard\u0131mc\u0131 malzemelerle \u00f6nceden yap\u0131lm\u0131\u015f kal\u0131plama malzemelerini ve ard\u0131ndan kal\u0131plama veya enjeksiyon kal\u0131plama \u00fcr\u00fcnlerini kullanabilirsiniz. A\u011f\u0131r r\u00f6gar kapaklar\u0131n\u0131n y\u00fck kapasitesi 400KN veya daha fazlad\u0131r. \u0130\u015finizde size yard\u0131mc\u0131 olacak bir hidrolik pres olu\u015fturan kompozit bir r\u00f6gar kapa\u011f\u0131na ihtiyac\u0131n\u0131z varsa, bizimle toptan sat\u0131\u015f konusunda i\u00e7iniz rahat olsun.\u00a0lduk\u00e7a \u00f6nemli olan ve kaliteli \u00e7\u00f6z\u00fcmlerle dikkat \u00e7eken uygulamalar\u0131m\u0131z i\u00e7in <strong>kompozit r<\/strong><strong>\u00f6<\/strong><strong>gar kapa\u011f\u0131 fiyatlar\u0131 <\/strong>\u00f6n plana \u00e7\u0131kmaktad\u0131r. Deneyimli firmam\u0131z i\u00e7in ki\u015fiye \u00f6zel hizmet de mevcuttur.<\/p>\n<h3><span style=\"font-size: 85%;\"><a href=\"https:\/\/www.kocaeli.bel.tr\/\" target=\"_blank\" rel=\"noopener\">Kocaeli <\/a>Kompozit R\u00f6gar Kapa\u011f\u0131 \u00c7\u00f6z\u00fcmleri\u00a0<\/span><\/h3>\n<p><img loading=\"lazy\" class=\"alignnone wp-image-1760 size-full\" src=\"https:\/\/threestarcomposite.com\/wp-content\/uploads\/2019\/06\/mafsalsiz-kompozit-rogar-kapagi-b125.jpg\" alt=\"kocaeli kompozit r\u00f6gar kapa\u011f\u0131\" width=\"300\" height=\"300\" srcset=\"https:\/\/threestarcomposite.com\/wp-content\/uploads\/2019\/06\/mafsalsiz-kompozit-rogar-kapagi-b125.jpg 300w, https:\/\/threestarcomposite.com\/wp-content\/uploads\/2019\/06\/mafsalsiz-kompozit-rogar-kapagi-b125-100x100.jpg 100w, https:\/\/threestarcomposite.com\/wp-content\/uploads\/2019\/06\/mafsalsiz-kompozit-rogar-kapagi-b125-247x247.jpg 247w, https:\/\/threestarcomposite.com\/wp-content\/uploads\/2019\/06\/mafsalsiz-kompozit-rogar-kapagi-b125-280x280.jpg 280w\" sizes=\"(max-width: 300px) 100vw, 300px\" \/><\/p>\n<p>Marmara b\u00f6lgesinin g\u00f6zdesi olan Kocaeli \u00fcniversite ve sanayi kentidir. Bu y\u00fczden bir\u00e7ok ama\u00e7 i\u00e7in tercih edilen uygulamalar konusunda <strong>kompozit r<\/strong><strong>\u00f6<\/strong><strong>gar kapa\u011f\u0131 firmalar\u0131<\/strong> g\u00f6rev yapmaktad\u0131r. Bu i\u015flemler s\u00f6z konusu oldu\u011funda da ekibimiz size yard\u0131mc\u0131 olcakt\u0131r. Bilgi almak ve ileti\u015fime ge\u00e7mek istedi\u011finizde ekibimizden destek alabilirsiniz.<\/p>\n<p><strong>Kocaeli kompozit r\u00f6gar kapa\u011f\u0131 <\/strong>modelleriyle farkl\u0131 tarzdaki kapak sistemlerini sipari\u015f edebilirsiniz. Ayn\u0131 zamanda r\u00f6gar kapa\u011f\u0131 kullanarak tercih edece\u011finiz \u00e7ok say\u0131da ba\u011flant\u0131 ve yer alt\u0131 sistemi, altyap\u0131 \u00e7al\u0131\u015fmalar\u0131n\u0131z\u0131 eksiksiz olarak ger\u00e7ekle\u015ftirmenize yard\u0131mc\u0131 olacakt\u0131r. Bu konuda bilgi almak istedi\u011finizde uzmanlar\u0131m\u0131zla ileti\u015fme ge\u00e7in, kentinize \u00f6zel kapak modellerini ke\u015ffetmeniz konusunda size yard\u0131mc\u0131 olal\u0131m.<\/p>\n\t\t<\/div>\n\t\t\t<\/div>\n\n\t\n<\/div>\n<p>&nbsp;<\/p>\n","protected":false},"excerpt":{"rendered":"<p>&nbsp;<\/p>\n","protected":false},"author":1,"featured_media":0,"parent":0,"menu_order":0,"comment_status":"closed","ping_status":"closed","template":"","meta":[],"_links":{"self":[{"href":"https:\/\/threestarcomposite.com\/ar\/wp-json\/wp\/v2\/pages\/2525"}],"collection":[{"href":"https:\/\/threestarcomposite.com\/ar\/wp-json\/wp\/v2\/pages"}],"about":[{"href":"https:\/\/threestarcomposite.com\/ar\/wp-json\/wp\/v2\/types\/page"}],"author":[{"embeddable":true,"href":"https:\/\/threestarcomposite.com\/ar\/wp-json\/wp\/v2\/users\/1"}],"replies":[{"embeddable":true,"href":"https:\/\/threestarcomposite.com\/ar\/wp-json\/wp\/v2\/comments?post=2525"}],"version-history":[{"count":6,"href":"https:\/\/threestarcomposite.com\/ar\/wp-json\/wp\/v2\/pages\/2525\/revisions"}],"predecessor-version":[{"id":2585,"href":"https:\/\/threestarcomposite.com\/ar\/wp-json\/wp\/v2\/pages\/2525\/revisions\/2585"}],"wp:attachment":[{"href":"https:\/\/threestarcomposite.com\/ar\/wp-json\/wp\/v2\/media?parent=2525"}],"curies":[{"name":"wp","href":"https:\/\/api.w.org\/{rel}","templated":true}]}}