{"id":2536,"date":"2021-12-23T20:30:02","date_gmt":"2021-12-23T17:30:02","guid":{"rendered":"https:\/\/threestarcomposite.com\/?page_id=2536"},"modified":"2022-01-05T00:00:34","modified_gmt":"2022-01-04T21:00:34","slug":"trabzon-kompozit-rogar-kapagi","status":"publish","type":"page","link":"https:\/\/threestarcomposite.com\/ar\/trabzon-kompozit-rogar-kapagi\/","title":{"rendered":"Trabzon Kompozit R\u00f6gar Kapa\u011f\u0131"},"content":{"rendered":"<div class=\"row align-center\"  id=\"row-1658315943\">\n\n\t<div id=\"col-1627117161\" class=\"col medium-8 small-12 large-8\"  >\n\t\t<div class=\"col-inner\"  >\n\t\t\t\n\t\t\t\n<div class=\"container section-title-container\" style=\"margin-top:14px;margin-bottom:-5px;\"><h2 class=\"section-title section-title-center\"><b><\/b><span class=\"section-title-main\" style=\"font-size:96%;\">\u0130STANBUL R\u00d6GAR KAPA\u011eI<\/span><b><\/b><\/h2><\/div>\n<p><a href=\"https:\/\/threestarcomposite.com\/rogar-kapagi\/\"><strong>Trabzon kompozit r\u00f6gar kapa\u011f\u0131 <\/strong><\/a>Karadeniz\u2019in Samsun\u2019dan sonra en b\u00fcy\u00fck \u015fehri olan Trabzon sokaklar\u0131nda <a href=\"https:\/\/threestarcomposite.com\/\"><strong>Tree Star Kompozit<\/strong><\/a>\u00a0imzas\u0131yla ger\u00e7ekle\u015fmektedir. F\u0131nd\u0131\u011f\u0131yla \u00fcnl\u00fc olan Trabzon kentini ke\u015ffederken mavinin ve ye\u015filin dans\u0131n\u0131 da seyre dalabilirsiniz. Son derece \u00f6nemli olan bu i\u015flemlerin ger\u00e7ekle\u015fmesini sa\u011flayacak yenilik\u00e7i \u00e7\u00f6z\u00fcmler i\u00e7in ekibimiz Trabzon\u2019da g\u00f6rev yapmaktad\u0131r. B\u00fcy\u00fck\u015fehir olarak g\u00fcvenle tercih edece\u011finiz Samsun gibi Trabzon\u2019da da bir\u00e7ok \u00f6zel i\u015fletme ve kurumda bu kapaklar\u0131n kullan\u0131lmas\u0131 tercih edilebilir. Trabzon i\u00e7in kendine \u00f6zg\u00fc \u015fehir i\u015faretleri ve co\u011frafi i\u015faretlerle \u00f6zel d\u00f6k\u00fcm uygulamalar\u0131 yap\u0131larak logo ve marka bask\u0131l\u0131 <a href=\"https:\/\/threestarcomposite.com\/rogar-kapagi\/\"><strong>Trabzon kompozit r\u00f6gar kapa\u011f\u0131 <\/strong><\/a>\u00fcretilebilir.<\/p>\n<h2><span style=\"font-size: 95%;\">Trabzon Kompozit R\u00f6gar Kapa\u011f\u0131 \u00c7e\u015fitleri<\/span><\/h2>\n<p><strong>Trabzon kompozit r<\/strong><strong>\u00f6<\/strong><strong>gar kapa\u011f\u0131<\/strong> modelleri kompozit mafsals\u0131z, kompozit dikd\u00f6rtgen, kompozit kare \u00e7er\u00e7eveli r\u00f6gar kapa\u011f\u0131 ve kompozit mafsall\u0131 r\u00f6gar kapa\u011f\u0131 modelleri tercih edilebilir. Hem \u015f\u0131k hem de pop\u00fcler olan marka ve logo bask\u0131l\u0131 bir\u00e7ok \u00fcr\u00fcn\u00fc kullanarak kapaklar\u0131 g\u00fcvenle tercih edebilirsiniz.\u015e\u0131k ve s\u0131k s\u0131k tercih edilen <strong>kompozit r<\/strong><strong>\u00f6<\/strong><strong>gar kapa\u011f\u0131 fiyatlar\u0131 <\/strong>modellerden hangisinin tercih edilece\u011fine g\u00f6re de\u011fi\u015fen \u00e7ok say\u0131da kapak modeliyle uygun kombinler olu\u015fturulmas\u0131 m\u00fcmk\u00fcn olacakt\u0131r. \u00c7ok ama\u00e7l\u0131 bir kullan\u0131m \u00f6zelli\u011fine sahip olan kompozit r\u00f6gar \u00e7e\u015fitleriyle memnun kalaca\u011f\u0131n\u0131z bir\u00e7ok altyap\u0131 \u00e7al\u0131\u015fmas\u0131n\u0131 \u00f6zelle\u015ftirebilirsiniz. B\u00fcy\u00fck\u015fehir belediyelerine \u00f6zel renk ve isim bask\u0131lar\u0131yla kompozit r\u00f6gar kapa\u011f\u0131 \u00e7e\u015fitlerini g\u00fcvenle tercih edebilirsiniz.<\/p>\n<h3><span style=\"font-size: 90%;\"><a href=\"https:\/\/www.trabzon.bel.tr\/\" target=\"_blank\" rel=\"noopener\">Trabzon<\/a>\u2019da Kompozit R\u00f6gar Kapa\u011f\u0131 \u00c7\u00f6z\u00fcmleri\u00a0<\/span><\/h3>\n<p><img loading=\"lazy\" class=\"alignnone wp-image-1761 size-full\" src=\"https:\/\/threestarcomposite.com\/wp-content\/uploads\/2019\/06\/mafsalsiz-kompozit-rogar-kapagi-c250.jpg\" alt=\"trabzon kompozit r\u00f6gar kapa\u011f\u0131 \u00e7e\u015fitleri\" width=\"300\" height=\"300\" srcset=\"https:\/\/threestarcomposite.com\/wp-content\/uploads\/2019\/06\/mafsalsiz-kompozit-rogar-kapagi-c250.jpg 300w, https:\/\/threestarcomposite.com\/wp-content\/uploads\/2019\/06\/mafsalsiz-kompozit-rogar-kapagi-c250-100x100.jpg 100w, https:\/\/threestarcomposite.com\/wp-content\/uploads\/2019\/06\/mafsalsiz-kompozit-rogar-kapagi-c250-247x247.jpg 247w, https:\/\/threestarcomposite.com\/wp-content\/uploads\/2019\/06\/mafsalsiz-kompozit-rogar-kapagi-c250-280x280.jpg 280w\" sizes=\"(max-width: 300px) 100vw, 300px\" \/><\/p>\n<p>2012 y\u0131l\u0131ndan beri b\u00fcy\u00fck\u015fehir niteli\u011finde olan Trabzon Karadeniz b\u00f6lgesinin en b\u00fcy\u00fck \u015fehirlerinden biridir. Gerek f\u0131nd\u0131\u011f\u0131 gerekse do\u011fal g\u00fczellikleri fark yaratan bu kentte, \u00e7ok say\u0131da <strong>kompozit r<\/strong><strong>\u00f6<\/strong><strong>gar kapa\u011f\u0131 firmalar\u0131<\/strong> yoktur. Ancak biz bu b\u00f6lgeyi ziyaret ederek uygun fiyatlarla r\u00f6gar uygulamalar\u0131n\u0131 ger\u00e7ekle\u015ftirebiliriz.<\/p>\n<p><strong><a href=\"https:\/\/threestarcomposite.com\/rogar-kapagi\/\">Trabzon kompozit r\u00f6gar kapa\u011f\u0131<\/a> <\/strong>modellerini tercih ederek g\u00fcvenle alanlar\u0131n kapat\u0131lmas\u0131n\u0131 sa\u011flayabilirsiniz. Ayn\u0131 zamanda d\u00f6k\u00fcmler sa\u011flam oldu\u011fundan ortak kulan\u0131m alanlar\u0131nda en iyi \u015fekilde kapak \u00e7\u00f6z\u00fcmlerinin ger\u00e7ekle\u015fmesini sa\u011flayabilirsiniz. De\u011fi\u015fik renkleri tercih ederek, \u015fehir planlamas\u0131na uygun olan se\u00e7enekler olu\u015fturabilirsiniz. Ayn\u0131 zamanda r\u00f6gar kapaklar\u0131n\u0131 kullanarak drenaj sistemlerini de en iyi \u015fekilde olu\u015fturabilirsiniz. Mente\u015feli modellere de ula\u015fabilece\u011finiz bu kapak \u00e7e\u015fitleri s\u00f6z konusu oldu\u011funda \u00e7ok say\u0131da uygulaman\u0131n tamamlanmas\u0131 m\u00fcmk\u00fcn olacakt\u0131r. Kapak sipari\u015fi vermek ve modellerimize g\u00f6z atmak istedi\u011finizde ekibimizden yard\u0131m alabilirsiniz.<\/p>\n\t\t<\/div>\n\t\t\t<\/div>\n\n\t\n<\/div>\n<p>&nbsp;<\/p>\n","protected":false},"excerpt":{"rendered":"<p>&nbsp;<\/p>\n","protected":false},"author":1,"featured_media":0,"parent":0,"menu_order":0,"comment_status":"closed","ping_status":"closed","template":"","meta":[],"_links":{"self":[{"href":"https:\/\/threestarcomposite.com\/ar\/wp-json\/wp\/v2\/pages\/2536"}],"collection":[{"href":"https:\/\/threestarcomposite.com\/ar\/wp-json\/wp\/v2\/pages"}],"about":[{"href":"https:\/\/threestarcomposite.com\/ar\/wp-json\/wp\/v2\/types\/page"}],"author":[{"embeddable":true,"href":"https:\/\/threestarcomposite.com\/ar\/wp-json\/wp\/v2\/users\/1"}],"replies":[{"embeddable":true,"href":"https:\/\/threestarcomposite.com\/ar\/wp-json\/wp\/v2\/comments?post=2536"}],"version-history":[{"count":6,"href":"https:\/\/threestarcomposite.com\/ar\/wp-json\/wp\/v2\/pages\/2536\/revisions"}],"predecessor-version":[{"id":2589,"href":"https:\/\/threestarcomposite.com\/ar\/wp-json\/wp\/v2\/pages\/2536\/revisions\/2589"}],"wp:attachment":[{"href":"https:\/\/threestarcomposite.com\/ar\/wp-json\/wp\/v2\/media?parent=2536"}],"curies":[{"name":"wp","href":"https:\/\/api.w.org\/{rel}","templated":true}]}}