{"id":2554,"date":"2021-12-23T20:49:23","date_gmt":"2021-12-23T17:49:23","guid":{"rendered":"https:\/\/threestarcomposite.com\/?page_id=2554"},"modified":"2022-01-04T23:58:38","modified_gmt":"2022-01-04T20:58:38","slug":"sakarya-kompozit-rogar-kapagi","status":"publish","type":"page","link":"https:\/\/threestarcomposite.com\/ru\/sakarya-kompozit-rogar-kapagi\/","title":{"rendered":"Sakarya Kompozit R\u00f6gar Kapa\u011f\u0131\u00a0"},"content":{"rendered":"<div class=\"row align-center\"  id=\"row-1993679299\">\n\n\t<div id=\"col-1509589098\" class=\"col medium-8 small-12 large-8\"  >\n\t\t<div class=\"col-inner\"  >\n\t\t\t\n\t\t\t\n<div class=\"container section-title-container\" style=\"margin-top:14px;margin-bottom:-5px;\"><h1 class=\"section-title section-title-center\"><b><\/b><span class=\"section-title-main\" style=\"font-size:85%;\">Sakarya kompozit r\u00f6gar kapa\u011f\u0131<\/span><b><\/b><\/h1><\/div>\n<p><strong><a href=\"https:\/\/threestarcomposite.com\/rogar-kapagi\/\">Sakarya kompozit r\u00f6gar kapa\u011f\u0131<\/a> <\/strong>uygulamalar\u0131 yenilenen bu \u015fehrin dokusuna uygun olarak ger\u00e7ekle\u015ftirilmektedir. Demiryollar\u0131n\u0131n \u00f6nemli kav\u015fak noktalar\u0131nda bulunan Sakarya\u2019da tercih edece\u011finiz bu uygulamalar\u0131 \u015fehir ve b\u00f6lge planlamac\u0131lar g\u00fcvenle ger\u00e7ekle\u015ftirmektedir. Mevlana\u2019n\u0131n \u015fehri olan bu kente \u00f6zel tasar\u0131mlarla <a href=\"https:\/\/threestarcomposite.com\/\"><strong>Three Star Kompozit<\/strong><\/a>\u00a0olarak m\u00fckemmel konseptler olu\u015fturulmaktad\u0131r. Profesyonel olarak kullan\u0131lan ve \u00e7\u00f6z\u00fcm odakl\u0131 bir bak\u0131\u015f a\u00e7\u0131s\u0131yla tercih edilen r\u00f6gar uygulamalar\u0131 i\u00e7in <a href=\"https:\/\/threestarcomposite.com\/rogar-kapagi\/\"><strong>Sakarya kompozit r\u00f6gar kapa\u011f\u0131 <\/strong><\/a>\u00fcreticisi olan firmam\u0131z\u0131 tercih edebilirsiniz. G\u00fcvenilir, yenilik\u00e7i ve \u00f6zg\u00fcn tasar\u0131mlar\u0131m\u0131z i\u00e7in ekibimizden yard\u0131m alabilirsiniz.<\/p>\n<h2><span style=\"font-size: 85%;\">Sakarya Kompozit R\u00f6gar Kapa\u011f\u0131 \u00c7e\u015fitleri<\/span><\/h2>\n<p><strong>Sakarya kompozit r<\/strong><strong>\u00f6<\/strong><strong>gar kapa\u011f\u0131<\/strong> kullanarak a\u00e7\u0131k alanlar\u0131n ve sahalar\u0131n yer alt\u0131 hatlar\u0131n\u0131n da bu alanlara kapat\u0131lmas\u0131 m\u00fcmk\u00fcn olur. Telekominikasyon, elektrik ve benzer kablo a\u011flar\u0131 i\u00e7in de\u00a0 <strong>kompozit r<\/strong><strong>\u00f6<\/strong><strong>gar kapa\u011f\u0131 fiyatlar\u0131 <\/strong>g\u00fcvenle tercih edilebilir. Bu kapaklar\u0131n yerle\u015fece\u011fi alanlar\u0131n \u00f6zelliklerine g\u00f6re oval ya da kare \u015feklinde renkli modeller yerle\u015ftirilebilir. A\u011fa\u00e7 kenarlar\u0131ndaki alanlar i\u00e7in de olduk\u00e7a \u00f6zel tasar\u0131ml\u0131 mazgallar\u0131m\u0131z vard\u0131r. Kompozit mafsals\u0131z, kompozit dikd\u00f6rtgen, kompozit kare \u00e7er\u00e7eveli r\u00f6gar kapa\u011f\u0131 ve kompozit mafsall\u0131 r\u00f6gar kapa\u011f\u0131 modelleri tercih edilebilir. Bu modellerden hangisinin tercih edilece\u011fine g\u00f6re de\u011fi\u015fen \u00e7ok say\u0131da kapak modeliyle uygun kombinler olu\u015fturulmas\u0131 m\u00fcmk\u00fcn olacakt\u0131r. Ayn\u0131 zamanda sadece ya\u011fmur suyunu de\u011fil, elektrik kablolar\u0131 gibi kablolar\u0131 da bu kapaklar\u0131n alt\u0131nda saklayabilirsiniz.<\/p>\n<h3><span style=\"font-size: 90%;\">Sakarya\u2019da Kompozit R\u00f6gar Kapa\u011f\u0131 \u00c7\u00f6z\u00fcmleri\u00a0<\/span><\/h3>\n<p><img loading=\"lazy\" class=\"alignnone wp-image-1757 size-full\" src=\"https:\/\/threestarcomposite.com\/wp-content\/uploads\/2019\/06\/mafsalli-kompozit-rogar-kapagi-c250.jpg\" alt=\"sakarya kompozit r\u00f6gar kapa\u011f\u0131\" width=\"300\" height=\"300\" srcset=\"https:\/\/threestarcomposite.com\/wp-content\/uploads\/2019\/06\/mafsalli-kompozit-rogar-kapagi-c250.jpg 300w, https:\/\/threestarcomposite.com\/wp-content\/uploads\/2019\/06\/mafsalli-kompozit-rogar-kapagi-c250-100x100.jpg 100w, https:\/\/threestarcomposite.com\/wp-content\/uploads\/2019\/06\/mafsalli-kompozit-rogar-kapagi-c250-247x247.jpg 247w, https:\/\/threestarcomposite.com\/wp-content\/uploads\/2019\/06\/mafsalli-kompozit-rogar-kapagi-c250-280x280.jpg 280w\" sizes=\"(max-width: 300px) 100vw, 300px\" \/><\/p>\n<p><a href=\"https:\/\/www.sakarya.bel.tr\/\" target=\"_blank\" rel=\"noopener\">Sakarya<\/a>\u2019da bir\u00e7ok tesis ve site vard\u0131r. \u00d6zellikle deprem sonras\u0131 uygulanan projelerde \u00f6zel ve ortak kullan\u0131m alanlar\u0131nda de\u011fi\u015fik tasar\u0131mlara sahip olan kapaklar\u0131 kullanabilirsiniz. \u00d6zelli\u011fine ve kullan\u0131m adedine g\u00f6re de\u011fi\u015fen <strong>kompozit r<\/strong><strong>\u00f6<\/strong><strong>gar kapa\u011f\u0131 firmalar\u0131<\/strong> kompozit \u00fcr\u00fcnleri g\u00fcvenle tercih etmenizi m\u00fcmk\u00fcn hale getirecektir. Farkl\u0131 kapak \u00e7e\u015fitlerini kullanaca\u011f\u0131n\u0131z r\u00f6garlar i\u00e7in hem dekoratif hem de i\u015flevsel ama\u00e7l\u0131 kullan\u0131mlar\u0131 sa\u011flanabilirsiniz. Bu \u00fcr\u00fcnler \u00f6zel d\u00f6k\u00fcm teknikleri kullan\u0131larak \u00f6zel logo ya da isim bask\u0131l\u0131 \u015fekilde de kullan\u0131labilir. Bu t\u00fcr talepleriniz i\u00e7in belediyeler ve \u00f6zel kurumlara \u00f6zg\u00fc hizmetimizden yararlanabilirsiniz.<\/p>\n<p><strong>Sakarya kompozit r\u00f6gar kapa\u011f\u0131 <\/strong>kullanarak \u00fcretilen y\u00fcksek performansl\u0131 bir\u00a0r\u00f6gar kapa\u011f\u0131na sahip oldu\u011funuzdan emin olabilirsiniz.\u00a0\u00c7\u00fcnk\u00fc dayan\u0131kl\u0131l\u0131k, kalite ve \u015f\u0131kl\u0131\u011f\u0131 bir arada bulaca\u011f\u0131n\u0131z \u00e7ok say\u0131da \u00fcr\u00fcn\u00fc sizin i\u00e7in haz\u0131r hale getiriyoruz.<\/p>\n\t\t<\/div>\n\t\t\t<\/div>\n\n\t\n<\/div>\n","protected":false},"excerpt":{"rendered":"","protected":false},"author":1,"featured_media":0,"parent":0,"menu_order":0,"comment_status":"closed","ping_status":"closed","template":"","meta":[],"_links":{"self":[{"href":"https:\/\/threestarcomposite.com\/ru\/wp-json\/wp\/v2\/pages\/2554"}],"collection":[{"href":"https:\/\/threestarcomposite.com\/ru\/wp-json\/wp\/v2\/pages"}],"about":[{"href":"https:\/\/threestarcomposite.com\/ru\/wp-json\/wp\/v2\/types\/page"}],"author":[{"embeddable":true,"href":"https:\/\/threestarcomposite.com\/ru\/wp-json\/wp\/v2\/users\/1"}],"replies":[{"embeddable":true,"href":"https:\/\/threestarcomposite.com\/ru\/wp-json\/wp\/v2\/comments?post=2554"}],"version-history":[{"count":5,"href":"https:\/\/threestarcomposite.com\/ru\/wp-json\/wp\/v2\/pages\/2554\/revisions"}],"predecessor-version":[{"id":2587,"href":"https:\/\/threestarcomposite.com\/ru\/wp-json\/wp\/v2\/pages\/2554\/revisions\/2587"}],"wp:attachment":[{"href":"https:\/\/threestarcomposite.com\/ru\/wp-json\/wp\/v2\/media?parent=2554"}],"curies":[{"name":"wp","href":"https:\/\/api.w.org\/{rel}","templated":true}]}}